{"id":48781,"date":"2026-09-02T11:08:30","date_gmt":"2026-09-02T09:08:30","guid":{"rendered":"https:\/\/www.arthurholm.com\/project\/tecnologia-i-artesania-a-mida-per-a-la-cambra-del-consell-regional-ampliada-de-dinamarca\/"},"modified":"2026-09-02T11:45:01","modified_gmt":"2026-09-02T09:45:01","slug":"tecnologia-i-artesania-a-mida-per-a-la-cambra-del-consell-regional-ampliada-de-dinamarca","status":"publish","type":"project","link":"https:\/\/www.arthurholm.com\/ca\/project\/tecnologia-i-artesania-a-mida-per-a-la-cambra-del-consell-regional-ampliada-de-dinamarca\/","title":{"rendered":"Tecnologia i artesania a mida per a la Cambra del Consell Regional Ampliada de Dinamarca"},"content":{"rendered":"\n<p class=\"wp-block-paragraph\">The expanded Regional Council Chamber in Sor\u00f8 inaugurated on 11 August showcases\u00a0<strong>bespoke council chamber technology<\/strong>, marking another milestone on the path towards the creation of\u00a0<strong>Region \u00d8stdanmark (Region of Eastern Denmark)<\/strong>\u00a0on 1 January 2027.<\/p>\n\n<p class=\"wp-block-paragraph\">Dissenyada per acollir els 47 representants electes del nou Consell Regional, la cambra demostra com una arquitectura acurada, una artesania de qualitat i una tecnologia perfectament integrada poden crear un entorn de presa de decisions elegant i preparat per al futur.<\/p>\n\n<p class=\"wp-block-paragraph\"><\/p>\n\n<p class=\"wp-block-paragraph\"><strong>Col\u00b7laboraci\u00f3 des del concepte fins a la finalitzaci\u00f3<\/strong><\/p>\n\n<p class=\"wp-block-paragraph\">Al centre del projecte hi ha el DynamicTabLift, una soluci\u00f3 d&#8217;Arthur Holm totalment a mida, desenvolupada en estreta col\u00b7laboraci\u00f3 amb el distribu\u00efdor dan\u00e8s <strong>AV Huset<\/strong>.<\/p>\n\n<p class=\"wp-block-paragraph\">AV Huset va tenir un paper clau de coordinaci\u00f3, recopilant i traduint els requisits de l&#8217;usuari final juntament amb les necessitats funcionals, t\u00e8cniques i arquitect\u00f2niques del projecte. L&#8217;estreta cooperaci\u00f3 entre Arthur Holm, consultors, contractistes i especialistes en integraci\u00f3 va garantir que tots els elements funcionessin en harmonia, des del mobiliari i la tecnologia audiovisual fins als acabats de la sala i els requisits operatius diaris. <\/p>\n\n<p class=\"wp-block-paragraph\">El resultat \u00e9s una soluci\u00f3 \u00fanica dissenyada i fabricada exclusivament per a aquesta cambra, que combina enginyeria de precisi\u00f3 amb una meticulosa atenci\u00f3 al detall.<\/p>\n\n<p class=\"wp-block-paragraph\"><\/p>\n\n<p class=\"wp-block-paragraph\"><strong>Bespoke Council Chamber Technology: A Custom DynamicTabLift Solution<\/strong><\/p>\n\n<p class=\"wp-block-paragraph\">La taula del consell incorpora una versi\u00f3 personalitzada del <strong>DynamicTabLift d&#8217;Arthur Holm<\/strong> , un sistema motoritzat que amaga discretament les tauletes dins del moble quan no s\u00f3n necess\u00e0ries.<\/p>\n\n<p class=\"wp-block-paragraph\">El seu moviment silenci\u00f3s i suau permet que cada tauleta s&#8217;aixequi elegantment de la taula amb nom\u00e9s pr\u00e9mer un bot\u00f3 o mitjan\u00e7ant un control remot RS-422. Un cop aixecat, el dispositiu es pot girar manualment de 0 a 90 graus, cosa que permet utilitzar-lo en orientaci\u00f3 vertical o horitzontal. Un mecanisme de bloqueig avan\u00e7at mant\u00e9 la tauleta estable i ben posicionada durant tot l&#8217;\u00fas.  <\/p>\n\n<p class=\"wp-block-paragraph\">En eliminar els dispositius innecessaris de la vista, DynamicTabLift conserva les l\u00ednies arquitect\u00f2niques netes de la taula, redueix el desordre visual i ajuda els participants a mantenir-se concentrats en la discussi\u00f3. Alhora, proporciona acc\u00e9s immediat i intu\u00eftiu a la informaci\u00f3 digital sempre que sigui necessari. <\/p>\n\n<figure class=\"wp-block-image size-full\"><img fetchpriority=\"high\" decoding=\"async\" width=\"940\" height=\"705\" src=\"https:\/\/www.arthurholm.com\/wp-content\/uploads\/2026\/09\/image-1.png\" alt=\"\" class=\"wp-image-48754\" srcset=\"https:\/\/www.arthurholm.com\/wp-content\/uploads\/2026\/09\/image-1.png 940w, https:\/\/www.arthurholm.com\/wp-content\/uploads\/2026\/09\/image-1-300x225.png 300w, https:\/\/www.arthurholm.com\/wp-content\/uploads\/2026\/09\/image-1-768x576.png 768w\" sizes=\"(max-width: 940px) 100vw, 940px\" \/><\/figure>\n\n<p class=\"wp-block-paragraph\"><strong>Un espai de treball integrat<\/strong><\/p>\n\n<p class=\"wp-block-paragraph\">Per a aquest projecte, les unitats DynamicTabLift es van acabar amb pintura negra, creant un contrast refinat amb la superf\u00edcie de fusta clara de la taula del consell.<\/p>\n\n<p class=\"wp-block-paragraph\">La placa de taula personalitzada es va ampliar per integrar:<\/p>\n\n<ul class=\"wp-block-list\">\n<li>Micr\u00f2fons fixos Bosch DICENTIS<\/li>\n\n\n\n<li>Botons DICENTIS Parla-sol\u00b7licitud<\/li>\n\n\n\n<li>Altaveus individuals<\/li>\n\n\n\n<li>Un m\u00f2dul de presa de corrent giratori d&#8217;acer inoxidable<\/li>\n\n\n\n<li>El sistema motoritzat d&#8217;elevaci\u00f3 de tauletes<\/li>\n<\/ul>\n\n<p class=\"wp-block-paragraph\"><\/p>\n\n<figure class=\"wp-block-video\"><video height=\"2160\" style=\"aspect-ratio: 3840 \/ 2160;\" width=\"3840\" controls=\"\" src=\"https:\/\/www.arthurholm.com\/wp-content\/uploads\/2026\/09\/Projects_DynamicTabLift_Bosch2.mov\"><\/video><\/figure>\n\n<p class=\"wp-block-paragraph\"><\/p>\n\n<p class=\"wp-block-paragraph\">Aquesta configuraci\u00f3 compacta i acuradament dissenyada permet a cada membre del consell accedir a totes les funcions essencials des d&#8217;una sola posici\u00f3. Els usuaris poden carregar dispositius personals, aixecar o amagar una tauleta, demanar la paraula i parlar a trav\u00e9s d&#8217;un micr\u00f2fon de coll de cigne. Un altaveu dedicat situat a prop de cada participant proporciona una excel\u00b7lent intel\u00b7ligibilitat de la parla a tota la sala.  <\/p>\n\n<p class=\"wp-block-paragraph\">La integraci\u00f3 il\u00b7lustra un dels punts forts que defineixen Arthur Holm: la capacitat de reunir m\u00faltiples tecnologies en una soluci\u00f3 que sembla coherent, intu\u00eftiva i arquitect\u00f2nicament considerada.<\/p>\n\n<p class=\"wp-block-paragraph\"><\/p>\n\n<p class=\"wp-block-paragraph\"><strong>Respectant el passat, construint per al futur<\/strong><\/p>\n\n<p class=\"wp-block-paragraph\">L&#8217;ampliaci\u00f3 s&#8217;ha dissenyat respectant l&#8217;arquitectura existent de l&#8217;edifici, alhora que compleix els requisits contemporanis d&#8217;accessibilitat i sostenibilitat. Una rampa paisatg\u00edstica integrada proporciona acc\u00e9s sense escales, fins i tot al llarg de les vies d&#8217;escapament d&#8217;emerg\u00e8ncia, mentre que la construcci\u00f3 prioritza materials amb un menor impacte clim\u00e0tic i la reutilitzaci\u00f3 dels recursos existents. <\/p>\n\n<p class=\"wp-block-paragraph\">Una paret posterior distintiva d\u00f3na a aquesta filosofia una poderosa pres\u00e8ncia f\u00edsica. Constru\u00efda amb pedra recuperada de l&#8217;antiga Cambra del Consell Regional, d\u00f3na un nou prop\u00f2sit a materials que ja han estat testimonis de decisions importants. <\/p>\n\n<p class=\"wp-block-paragraph\">M\u00e9s enll\u00e0 de reduir el consum de recursos, el mur simbolitza el viatge cap a la regi\u00f3 d&#8217;\u00d8stdanmark: la hist\u00f2ria, l&#8217;experi\u00e8ncia i els punts forts de dues regions esdevenen la base d&#8217;alguna cosa nova. El que abans formava part del passat ara ajuda a donar forma al futur! <\/p>\n\n<p class=\"wp-block-paragraph\">M\u00e9s informaci\u00f3 sobre <a href=\"https:\/\/www.av-huset.dk\/en\/\">AVHuset<\/a> .<\/p>\n","protected":false},"featured_media":48772,"template":"","meta":{"_acf_changed":false},"class_list":["post-48781","project","type-project","status-publish","has-post-thumbnail","hentry"],"acf":[],"yoast_head":"<!-- This site is optimized with the Yoast SEO plugin v28.3 - https:\/\/yoast.com\/product\/yoast-seo-wordpress\/ -->\n<title>Tecnologia i artesania a mida per a la Cambra del Consell Regional Ampliada de Dinamarca | arthurholm<\/title>\n<meta name=\"robots\" content=\"index, follow, max-snippet:-1, max-image-preview:large, max-video-preview:-1\" \/>\n<link rel=\"canonical\" href=\"https:\/\/www.arthurholm.com\/ca\/project\/tecnologia-i-artesania-a-mida-per-a-la-cambra-del-consell-regional-ampliada-de-dinamarca\/\" \/>\n<meta property=\"og:locale\" content=\"ca_ES\" \/>\n<meta property=\"og:type\" content=\"article\" \/>\n<meta property=\"og:title\" content=\"Tecnologia i artesania a mida per a la Cambra del Consell Regional Ampliada de Dinamarca | arthurholm\" \/>\n<meta property=\"og:description\" content=\"The expanded Regional Council Chamber in Sor\u00f8 inaugurated on 11 August showcases\u00a0bespoke council chamber technology, marking another milestone on the path towards the creation of\u00a0Region \u00d8stdanmark (Region of Eastern Denmark)\u00a0on 1 January 2027. Dissenyada per acollir els 47 representants electes del nou Consell Regional, la cambra demostra com una arquitectura acurada, una artesania de qualitat [&hellip;]\" \/>\n<meta property=\"og:url\" content=\"https:\/\/www.arthurholm.com\/ca\/project\/tecnologia-i-artesania-a-mida-per-a-la-cambra-del-consell-regional-ampliada-de-dinamarca\/\" \/>\n<meta property=\"og:site_name\" content=\"arthurholm\" \/>\n<meta property=\"article:publisher\" content=\"https:\/\/www.facebook.com\/arthurholmscreens\" \/>\n<meta property=\"article:modified_time\" content=\"2026-09-02T09:45:01+00:00\" \/>\n<meta property=\"og:image\" content=\"https:\/\/www.arthurholm.com\/wp-content\/uploads\/2026\/09\/Projects_DynamicTablift_Bosch1.jpeg\" \/>\n\t<meta property=\"og:image:width\" content=\"1200\" \/>\n\t<meta property=\"og:image:height\" content=\"627\" \/>\n\t<meta property=\"og:image:type\" content=\"image\/jpeg\" \/>\n<meta name=\"twitter:card\" content=\"summary_large_image\" \/>\n<meta name=\"twitter:site\" content=\"@ArthurHolm1\" \/>\n<meta name=\"twitter:label1\" content=\"Temps estimat de lectura\" \/>\n\t<meta name=\"twitter:data1\" content=\"3 minuts\" \/>\n<script type=\"application\/ld+json\" class=\"yoast-schema-graph\">{\"@context\":\"https:\\\/\\\/schema.org\",\"@graph\":[{\"@type\":\"WebPage\",\"@id\":\"https:\\\/\\\/www.arthurholm.com\\\/ca\\\/project\\\/tecnologia-i-artesania-a-mida-per-a-la-cambra-del-consell-regional-ampliada-de-dinamarca\\\/\",\"url\":\"https:\\\/\\\/www.arthurholm.com\\\/ca\\\/project\\\/tecnologia-i-artesania-a-mida-per-a-la-cambra-del-consell-regional-ampliada-de-dinamarca\\\/\",\"name\":\"Tecnologia i artesania a mida per a la Cambra del Consell Regional Ampliada de Dinamarca | arthurholm\",\"isPartOf\":{\"@id\":\"https:\\\/\\\/www.arthurholm.com\\\/ca\\\/#website\"},\"primaryImageOfPage\":{\"@id\":\"https:\\\/\\\/www.arthurholm.com\\\/ca\\\/project\\\/tecnologia-i-artesania-a-mida-per-a-la-cambra-del-consell-regional-ampliada-de-dinamarca\\\/#primaryimage\"},\"image\":{\"@id\":\"https:\\\/\\\/www.arthurholm.com\\\/ca\\\/project\\\/tecnologia-i-artesania-a-mida-per-a-la-cambra-del-consell-regional-ampliada-de-dinamarca\\\/#primaryimage\"},\"thumbnailUrl\":\"https:\\\/\\\/www.arthurholm.com\\\/wp-content\\\/uploads\\\/2026\\\/09\\\/Projects_DynamicTablift_Bosch1.jpeg\",\"datePublished\":\"2026-09-02T09:08:30+00:00\",\"dateModified\":\"2026-09-02T09:45:01+00:00\",\"breadcrumb\":{\"@id\":\"https:\\\/\\\/www.arthurholm.com\\\/ca\\\/project\\\/tecnologia-i-artesania-a-mida-per-a-la-cambra-del-consell-regional-ampliada-de-dinamarca\\\/#breadcrumb\"},\"inLanguage\":\"ca\",\"potentialAction\":[{\"@type\":\"ReadAction\",\"target\":[\"https:\\\/\\\/www.arthurholm.com\\\/ca\\\/project\\\/tecnologia-i-artesania-a-mida-per-a-la-cambra-del-consell-regional-ampliada-de-dinamarca\\\/\"]}]},{\"@type\":\"ImageObject\",\"inLanguage\":\"ca\",\"@id\":\"https:\\\/\\\/www.arthurholm.com\\\/ca\\\/project\\\/tecnologia-i-artesania-a-mida-per-a-la-cambra-del-consell-regional-ampliada-de-dinamarca\\\/#primaryimage\",\"url\":\"https:\\\/\\\/www.arthurholm.com\\\/wp-content\\\/uploads\\\/2026\\\/09\\\/Projects_DynamicTablift_Bosch1.jpeg\",\"contentUrl\":\"https:\\\/\\\/www.arthurholm.com\\\/wp-content\\\/uploads\\\/2026\\\/09\\\/Projects_DynamicTablift_Bosch1.jpeg\",\"width\":1200,\"height\":627},{\"@type\":\"BreadcrumbList\",\"@id\":\"https:\\\/\\\/www.arthurholm.com\\\/ca\\\/project\\\/tecnologia-i-artesania-a-mida-per-a-la-cambra-del-consell-regional-ampliada-de-dinamarca\\\/#breadcrumb\",\"itemListElement\":[{\"@type\":\"ListItem\",\"position\":1,\"name\":\"Home\",\"item\":\"https:\\\/\\\/www.arthurholm.com\\\/ca\\\/\"},{\"@type\":\"ListItem\",\"position\":2,\"name\":\"Tecnologia i artesania a mida per a la Cambra del Consell Regional Ampliada de Dinamarca\"}]},{\"@type\":\"WebSite\",\"@id\":\"https:\\\/\\\/www.arthurholm.com\\\/ca\\\/#website\",\"url\":\"https:\\\/\\\/www.arthurholm.com\\\/ca\\\/\",\"name\":\"Arthur Holm\",\"description\":\"Soluciones AV invisibles para salas de reuniones\",\"publisher\":{\"@id\":\"https:\\\/\\\/www.arthurholm.com\\\/ca\\\/#organization\"},\"alternateName\":\"Arthur Holm | Monitores Retractiles Motorizados\",\"potentialAction\":[{\"@type\":\"SearchAction\",\"target\":{\"@type\":\"EntryPoint\",\"urlTemplate\":\"https:\\\/\\\/www.arthurholm.com\\\/ca\\\/?s={search_term_string}\"},\"query-input\":{\"@type\":\"PropertyValueSpecification\",\"valueRequired\":true,\"valueName\":\"search_term_string\"}}],\"inLanguage\":\"ca\"},{\"@type\":\"Organization\",\"@id\":\"https:\\\/\\\/www.arthurholm.com\\\/ca\\\/#organization\",\"name\":\"Arthur Holm\",\"url\":\"https:\\\/\\\/www.arthurholm.com\\\/ca\\\/\",\"logo\":{\"@type\":\"ImageObject\",\"inLanguage\":\"ca\",\"@id\":\"https:\\\/\\\/www.arthurholm.com\\\/ca\\\/#\\\/schema\\\/logo\\\/image\\\/\",\"url\":\"https:\\\/\\\/www.arthurholm.com\\\/wp-content\\\/uploads\\\/2024\\\/11\\\/AH-LOGO.svg\",\"contentUrl\":\"https:\\\/\\\/www.arthurholm.com\\\/wp-content\\\/uploads\\\/2024\\\/11\\\/AH-LOGO.svg\",\"width\":155,\"height\":57,\"caption\":\"Arthur Holm\"},\"image\":{\"@id\":\"https:\\\/\\\/www.arthurholm.com\\\/ca\\\/#\\\/schema\\\/logo\\\/image\\\/\"},\"sameAs\":[\"https:\\\/\\\/www.facebook.com\\\/arthurholmscreens\",\"https:\\\/\\\/x.com\\\/ArthurHolm1\",\"https:\\\/\\\/www.instagram.com\\\/arthur_holm\\\/\",\"https:\\\/\\\/www.youtube.com\\\/@arthurholm1\",\"https:\\\/\\\/www.linkedin.com\\\/company\\\/arthur-holm\"]}]}<\/script>\n<!-- \/ Yoast SEO plugin. -->","yoast_head_json":{"title":"Tecnologia i artesania a mida per a la Cambra del Consell Regional Ampliada de Dinamarca | arthurholm","robots":{"index":"index","follow":"follow","max-snippet":"max-snippet:-1","max-image-preview":"max-image-preview:large","max-video-preview":"max-video-preview:-1"},"canonical":"https:\/\/www.arthurholm.com\/ca\/project\/tecnologia-i-artesania-a-mida-per-a-la-cambra-del-consell-regional-ampliada-de-dinamarca\/","og_locale":"ca_ES","og_type":"article","og_title":"Tecnologia i artesania a mida per a la Cambra del Consell Regional Ampliada de Dinamarca | arthurholm","og_description":"The expanded Regional Council Chamber in Sor\u00f8 inaugurated on 11 August showcases\u00a0bespoke council chamber technology, marking another milestone on the path towards the creation of\u00a0Region \u00d8stdanmark (Region of Eastern Denmark)\u00a0on 1 January 2027. Dissenyada per acollir els 47 representants electes del nou Consell Regional, la cambra demostra com una arquitectura acurada, una artesania de qualitat [&hellip;]","og_url":"https:\/\/www.arthurholm.com\/ca\/project\/tecnologia-i-artesania-a-mida-per-a-la-cambra-del-consell-regional-ampliada-de-dinamarca\/","og_site_name":"arthurholm","article_publisher":"https:\/\/www.facebook.com\/arthurholmscreens","article_modified_time":"2026-09-02T09:45:01+00:00","og_image":[{"width":1200,"height":627,"url":"https:\/\/www.arthurholm.com\/wp-content\/uploads\/2026\/09\/Projects_DynamicTablift_Bosch1.jpeg","type":"image\/jpeg"}],"twitter_card":"summary_large_image","twitter_site":"@ArthurHolm1","twitter_misc":{"Temps estimat de lectura":"3 minuts"},"schema":{"@context":"https:\/\/schema.org","@graph":[{"@type":"WebPage","@id":"https:\/\/www.arthurholm.com\/ca\/project\/tecnologia-i-artesania-a-mida-per-a-la-cambra-del-consell-regional-ampliada-de-dinamarca\/","url":"https:\/\/www.arthurholm.com\/ca\/project\/tecnologia-i-artesania-a-mida-per-a-la-cambra-del-consell-regional-ampliada-de-dinamarca\/","name":"Tecnologia i artesania a mida per a la Cambra del Consell Regional Ampliada de Dinamarca | arthurholm","isPartOf":{"@id":"https:\/\/www.arthurholm.com\/ca\/#website"},"primaryImageOfPage":{"@id":"https:\/\/www.arthurholm.com\/ca\/project\/tecnologia-i-artesania-a-mida-per-a-la-cambra-del-consell-regional-ampliada-de-dinamarca\/#primaryimage"},"image":{"@id":"https:\/\/www.arthurholm.com\/ca\/project\/tecnologia-i-artesania-a-mida-per-a-la-cambra-del-consell-regional-ampliada-de-dinamarca\/#primaryimage"},"thumbnailUrl":"https:\/\/www.arthurholm.com\/wp-content\/uploads\/2026\/09\/Projects_DynamicTablift_Bosch1.jpeg","datePublished":"2026-09-02T09:08:30+00:00","dateModified":"2026-09-02T09:45:01+00:00","breadcrumb":{"@id":"https:\/\/www.arthurholm.com\/ca\/project\/tecnologia-i-artesania-a-mida-per-a-la-cambra-del-consell-regional-ampliada-de-dinamarca\/#breadcrumb"},"inLanguage":"ca","potentialAction":[{"@type":"ReadAction","target":["https:\/\/www.arthurholm.com\/ca\/project\/tecnologia-i-artesania-a-mida-per-a-la-cambra-del-consell-regional-ampliada-de-dinamarca\/"]}]},{"@type":"ImageObject","inLanguage":"ca","@id":"https:\/\/www.arthurholm.com\/ca\/project\/tecnologia-i-artesania-a-mida-per-a-la-cambra-del-consell-regional-ampliada-de-dinamarca\/#primaryimage","url":"https:\/\/www.arthurholm.com\/wp-content\/uploads\/2026\/09\/Projects_DynamicTablift_Bosch1.jpeg","contentUrl":"https:\/\/www.arthurholm.com\/wp-content\/uploads\/2026\/09\/Projects_DynamicTablift_Bosch1.jpeg","width":1200,"height":627},{"@type":"BreadcrumbList","@id":"https:\/\/www.arthurholm.com\/ca\/project\/tecnologia-i-artesania-a-mida-per-a-la-cambra-del-consell-regional-ampliada-de-dinamarca\/#breadcrumb","itemListElement":[{"@type":"ListItem","position":1,"name":"Home","item":"https:\/\/www.arthurholm.com\/ca\/"},{"@type":"ListItem","position":2,"name":"Tecnologia i artesania a mida per a la Cambra del Consell Regional Ampliada de Dinamarca"}]},{"@type":"WebSite","@id":"https:\/\/www.arthurholm.com\/ca\/#website","url":"https:\/\/www.arthurholm.com\/ca\/","name":"Arthur Holm","description":"Soluciones AV invisibles para salas de reuniones","publisher":{"@id":"https:\/\/www.arthurholm.com\/ca\/#organization"},"alternateName":"Arthur Holm | Monitores Retractiles Motorizados","potentialAction":[{"@type":"SearchAction","target":{"@type":"EntryPoint","urlTemplate":"https:\/\/www.arthurholm.com\/ca\/?s={search_term_string}"},"query-input":{"@type":"PropertyValueSpecification","valueRequired":true,"valueName":"search_term_string"}}],"inLanguage":"ca"},{"@type":"Organization","@id":"https:\/\/www.arthurholm.com\/ca\/#organization","name":"Arthur Holm","url":"https:\/\/www.arthurholm.com\/ca\/","logo":{"@type":"ImageObject","inLanguage":"ca","@id":"https:\/\/www.arthurholm.com\/ca\/#\/schema\/logo\/image\/","url":"https:\/\/www.arthurholm.com\/wp-content\/uploads\/2024\/11\/AH-LOGO.svg","contentUrl":"https:\/\/www.arthurholm.com\/wp-content\/uploads\/2024\/11\/AH-LOGO.svg","width":155,"height":57,"caption":"Arthur Holm"},"image":{"@id":"https:\/\/www.arthurholm.com\/ca\/#\/schema\/logo\/image\/"},"sameAs":["https:\/\/www.facebook.com\/arthurholmscreens","https:\/\/x.com\/ArthurHolm1","https:\/\/www.instagram.com\/arthur_holm\/","https:\/\/www.youtube.com\/@arthurholm1","https:\/\/www.linkedin.com\/company\/arthur-holm"]}]}},"ase":null,"_links":{"self":[{"href":"https:\/\/www.arthurholm.com\/ca\/wp-json\/wp\/v2\/project\/48781","targetHints":{"allow":["GET"]}}],"collection":[{"href":"https:\/\/www.arthurholm.com\/ca\/wp-json\/wp\/v2\/project"}],"about":[{"href":"https:\/\/www.arthurholm.com\/ca\/wp-json\/wp\/v2\/types\/project"}],"wp:featuredmedia":[{"embeddable":true,"href":"https:\/\/www.arthurholm.com\/ca\/wp-json\/wp\/v2\/media\/48772"}],"wp:attachment":[{"href":"https:\/\/www.arthurholm.com\/ca\/wp-json\/wp\/v2\/media?parent=48781"}],"curies":[{"name":"wp","href":"https:\/\/api.w.org\/{rel}","templated":true}]}}