{"id":48780,"date":"2026-09-02T11:08:30","date_gmt":"2026-09-02T09:08:30","guid":{"rendered":"https:\/\/www.arthurholm.com\/project\/tecnologia-y-artesania-a-medida-para-la-nueva-sala-del-consejo-regional-de-dinamarca\/"},"modified":"2026-09-02T15:27:08","modified_gmt":"2026-09-02T13:27:08","slug":"tecnologia-y-artesania-a-medida-para-la-nueva-sala-del-consejo-regional-de-dinamarca","status":"publish","type":"project","link":"https:\/\/www.arthurholm.com\/es\/project\/tecnologia-y-artesania-a-medida-para-la-nueva-sala-del-consejo-regional-de-dinamarca\/","title":{"rendered":"Tecnolog\u00eda y artesan\u00eda a medida para la nueva sala del Consejo Regional de Dinamarca"},"content":{"rendered":"\n<p class=\"wp-block-paragraph\">La sala ampliada del Consejo Regional de Sor\u00f8, inaugurada el 11 de agosto, cuenta con <strong>tecnolog\u00eda a medida para salas de consejo<\/strong>, lo que supone otro hito en el camino hacia la creaci\u00f3n de <strong>la Regi\u00f3n de \u00d8stdanmark (Regi\u00f3n del Este de Dinamarca)<\/strong> el 1 de enero de 2027.<\/p>\n\n<p class=\"wp-block-paragraph\">Dise\u00f1ada para dar cabida a los 47 representantes elegidos del nuevo Consejo Regional, la sala demuestra c\u00f3mo una arquitectura bien pensada, una artesan\u00eda experta y una tecnolog\u00eda perfectamente integrada pueden crear un entorno de toma de decisiones elegante y preparado para el futuro.<\/p>\n\n<p class=\"wp-block-paragraph\"><\/p>\n\n<p class=\"wp-block-paragraph\"><strong>Colaboraci\u00f3n desde la idea inicial hasta la finalizaci\u00f3n<\/strong><\/p>\n\n<p class=\"wp-block-paragraph\">El n\u00facleo del proyecto es una soluci\u00f3n de Arthur Holm totalmente a medida, desarrollada en estrecha colaboraci\u00f3n con el distribuidor dan\u00e9s <strong>AV Huset<\/strong>.<\/p>\n\n<p class=\"wp-block-paragraph\">AV Huset desempe\u00f1\u00f3 un papel clave en la coordinaci\u00f3n, recopilando y adaptando los requisitos del usuario final junto con las necesidades funcionales, t\u00e9cnicas y arquitect\u00f3nicas del proyecto. La estrecha colaboraci\u00f3n entre Arthur Holm, los consultores, los contratistas y los especialistas en integraci\u00f3n garantiz\u00f3 que todos los elementos funcionaran en armon\u00eda, desde el mobiliario y la tecnolog\u00eda audiovisual hasta los acabados de la sala y los requisitos operativos diarios. <\/p>\n\n<p class=\"wp-block-paragraph\">El resultado es una soluci\u00f3n \u00fanica, dise\u00f1ada y fabricada exclusivamente para esta c\u00e1mara, que combina ingenier\u00eda de precisi\u00f3n con una atenci\u00f3n meticulosa a los detalles.<\/p>\n\n<p class=\"wp-block-paragraph\"><\/p>\n\n<p class=\"wp-block-paragraph\"><strong>Tecnolog\u00eda a medida para la sala del pleno: una soluci\u00f3n personalizada de DynamicTabLift<\/strong><\/p>\n\n<p class=\"wp-block-paragraph\">La mesa de reuniones cuenta con una versi\u00f3n personalizada del <strong>DynamicTabLift de Arthur Holm<\/strong>, un sistema motorizado que oculta discretamente las tabletas dentro del mueble cuando no se necesitan.<\/p>\n\n<p class=\"wp-block-paragraph\">Su movimiento silencioso y suave permite que cada tableta se eleve con elegancia desde la mesa con solo pulsar un bot\u00f3n o mediante control remoto RS-422. Una vez elevada, la tableta se puede girar manualmente de 0 a 90 grados, lo que permite usarla tanto en orientaci\u00f3n vertical como horizontal. Un mecanismo de bloqueo avanzado mantiene la tableta estable y bien sujeta durante todo el uso.  <\/p>\n\n<p class=\"wp-block-paragraph\">Al ocultar los dispositivos que no hacen falta, DynamicTabLift mantiene las l\u00edneas limpias y elegantes de la mesa, reduce el desorden visual y ayuda a los participantes a mantenerse centrados en la conversaci\u00f3n. Al mismo tiempo, ofrece un acceso inmediato e intuitivo a la informaci\u00f3n digital siempre que sea necesario. <\/p>\n\n<figure class=\"wp-block-image size-full\"><img fetchpriority=\"high\" decoding=\"async\" width=\"940\" height=\"705\" src=\"https:\/\/www.arthurholm.com\/wp-content\/uploads\/2026\/09\/image-1.png\" alt=\"\" class=\"wp-image-48754\" srcset=\"https:\/\/www.arthurholm.com\/wp-content\/uploads\/2026\/09\/image-1.png 940w, https:\/\/www.arthurholm.com\/wp-content\/uploads\/2026\/09\/image-1-300x225.png 300w, https:\/\/www.arthurholm.com\/wp-content\/uploads\/2026\/09\/image-1-768x576.png 768w\" sizes=\"(max-width: 940px) 100vw, 940px\" \/><\/figure>\n\n<p class=\"wp-block-paragraph\"><strong>Un espacio de trabajo integrado<\/strong><\/p>\n\n<p class=\"wp-block-paragraph\">Para este proyecto, las unidades DynamicTabLift se pintaron de negro, lo que cre\u00f3 un contraste elegante con la superficie de madera clara de la mesa del consejo.<\/p>\n\n<p class=\"wp-block-paragraph\">La placa de mesa a medida se ampli\u00f3 para integrar:<\/p>\n\n<ul class=\"wp-block-list\">\n<li>Micr\u00f3fonos fijos DICENTIS de Bosch<\/li>\n\n\n\n<li>Botones de solicitud de palabra de DICENTIS<\/li>\n\n\n\n<li>Altavoces individuales<\/li>\n\n\n\n<li>Un m\u00f3dulo giratorio de tomas de corriente de acero inoxidable<\/li>\n\n\n\n<li>El sistema motorizado de elevaci\u00f3n de tabletas<\/li>\n<\/ul>\n\n<p class=\"wp-block-paragraph\"><\/p>\n\n<figure class=\"wp-block-video\"><video height=\"2160\" style=\"aspect-ratio: 3840 \/ 2160;\" width=\"3840\" controls=\"\" src=\"https:\/\/www.arthurholm.com\/wp-content\/uploads\/2026\/09\/Projects_DynamicTabLift_Bosch2.mov\"><\/video><\/figure>\n\n<p class=\"wp-block-paragraph\"><\/p>\n\n<p class=\"wp-block-paragraph\">Esta configuraci\u00f3n compacta y cuidadosamente dise\u00f1ada permite a cada concejal acceder a todas las funciones esenciales desde un \u00fanico puesto. Los usuarios pueden cargar sus dispositivos personales, subir o bajar una tableta, pedir la palabra y hablar a trav\u00e9s de un micr\u00f3fono de cuello de cisne. Un altavoz espec\u00edfico situado cerca de cada participante garantiza una excelente inteligibilidad del habla en toda la sala.  <\/p>\n\n<p class=\"wp-block-paragraph\">Esta integraci\u00f3n pone de manifiesto uno de los puntos fuertes que caracterizan a Arthur Holm: la capacidad de combinar varias tecnolog\u00edas en una soluci\u00f3n que resulta coherente, intuitiva y bien pensada desde el punto de vista arquitect\u00f3nico.<\/p>\n\n<p class=\"wp-block-paragraph\"><\/p>\n\n<p class=\"wp-block-paragraph\"><strong>Respetando el pasado, construyendo el futuro<\/strong><\/p>\n\n<p class=\"wp-block-paragraph\">La ampliaci\u00f3n se ha dise\u00f1ado respetando la arquitectura original del edificio y cumpliendo al mismo tiempo con los requisitos actuales de accesibilidad y sostenibilidad. Una rampa paisaj\u00edstica integrada permite un acceso sin escalones, incluso a lo largo de las v\u00edas de evacuaci\u00f3n de emergencia, mientras que en la construcci\u00f3n se ha dado prioridad a los materiales con menor impacto clim\u00e1tico y a la reutilizaci\u00f3n de los recursos existentes. <\/p>\n\n<p class=\"wp-block-paragraph\">Una pared trasera muy caracter\u00edstica le da a esta filosof\u00eda una presencia f\u00edsica imponente. Construida con piedra recuperada de la antigua sala del Consejo Regional, da un nuevo uso a materiales que ya han sido testigos de decisiones importantes. <\/p>\n\n<p class=\"wp-block-paragraph\">M\u00e1s all\u00e1 de reducir el consumo de recursos, el muro simboliza el camino hacia la Regi\u00f3n de \u00d8stdanmark: la historia, la experiencia y los puntos fuertes de dos regiones que se convierten en la base de algo nuevo. \u00a1Lo que antes formaba parte del pasado ahora est\u00e1 ayudando a dar forma al futuro! <\/p>\n\n<p class=\"wp-block-paragraph\">Descubre m\u00e1s cosas sobre <a href=\"https:\/\/www.av-huset.dk\/en\/\">AVHuset<\/a>.<\/p>\n","protected":false},"featured_media":48776,"template":"","meta":{"_acf_changed":false},"class_list":["post-48780","project","type-project","status-publish","has-post-thumbnail","hentry"],"acf":[],"yoast_head":"<!-- This site is optimized with the Yoast SEO plugin v28.3 - https:\/\/yoast.com\/product\/yoast-seo-wordpress\/ -->\n<title>Tecnolog\u00eda a medida para salas de plenos | Arthur Holm<\/title>\n<meta name=\"description\" content=\"Tecnolog\u00eda a medida para la sala del consejo, de Arthur Holm, con DynamicTabLift para el Consejo Regional de Dinamarca. %\" \/>\n<meta name=\"robots\" content=\"index, follow, max-snippet:-1, max-image-preview:large, max-video-preview:-1\" \/>\n<link rel=\"canonical\" href=\"https:\/\/www.arthurholm.com\/es\/project\/tecnologia-y-artesania-a-medida-para-la-nueva-sala-del-consejo-regional-de-dinamarca\/\" \/>\n<meta property=\"og:locale\" content=\"es_ES\" \/>\n<meta property=\"og:type\" content=\"article\" \/>\n<meta property=\"og:title\" content=\"Tecnolog\u00eda a medida para salas de plenos | Arthur Holm\" \/>\n<meta property=\"og:description\" content=\"Tecnolog\u00eda a medida para la sala del consejo, de Arthur Holm, con DynamicTabLift para el Consejo Regional de Dinamarca. %\" \/>\n<meta property=\"og:url\" content=\"https:\/\/www.arthurholm.com\/es\/project\/tecnologia-y-artesania-a-medida-para-la-nueva-sala-del-consejo-regional-de-dinamarca\/\" \/>\n<meta property=\"og:site_name\" content=\"arthurholm\" \/>\n<meta property=\"article:publisher\" content=\"https:\/\/www.facebook.com\/arthurholmscreens\" \/>\n<meta property=\"article:modified_time\" content=\"2026-09-02T13:27:08+00:00\" \/>\n<meta property=\"og:image\" content=\"https:\/\/www.arthurholm.com\/wp-content\/uploads\/2026\/09\/Projects_DynamicTablift_Bosch1.jpeg\" \/>\n\t<meta property=\"og:image:width\" content=\"1200\" \/>\n\t<meta property=\"og:image:height\" content=\"627\" \/>\n\t<meta property=\"og:image:type\" content=\"image\/jpeg\" \/>\n<meta name=\"twitter:card\" content=\"summary_large_image\" \/>\n<meta name=\"twitter:site\" content=\"@ArthurHolm1\" \/>\n<meta name=\"twitter:label1\" content=\"Tiempo de lectura\" \/>\n\t<meta name=\"twitter:data1\" content=\"4 minutos\" \/>\n<script type=\"application\/ld+json\" class=\"yoast-schema-graph\">{\"@context\":\"https:\\\/\\\/schema.org\",\"@graph\":[{\"@type\":\"WebPage\",\"@id\":\"https:\\\/\\\/www.arthurholm.com\\\/es\\\/project\\\/tecnologia-y-artesania-a-medida-para-la-nueva-sala-del-consejo-regional-de-dinamarca\\\/\",\"url\":\"https:\\\/\\\/www.arthurholm.com\\\/es\\\/project\\\/tecnologia-y-artesania-a-medida-para-la-nueva-sala-del-consejo-regional-de-dinamarca\\\/\",\"name\":\"Tecnolog\u00eda a medida para salas de plenos | Arthur Holm\",\"isPartOf\":{\"@id\":\"https:\\\/\\\/www.arthurholm.com\\\/es\\\/#website\"},\"primaryImageOfPage\":{\"@id\":\"https:\\\/\\\/www.arthurholm.com\\\/es\\\/project\\\/tecnologia-y-artesania-a-medida-para-la-nueva-sala-del-consejo-regional-de-dinamarca\\\/#primaryimage\"},\"image\":{\"@id\":\"https:\\\/\\\/www.arthurholm.com\\\/es\\\/project\\\/tecnologia-y-artesania-a-medida-para-la-nueva-sala-del-consejo-regional-de-dinamarca\\\/#primaryimage\"},\"thumbnailUrl\":\"https:\\\/\\\/www.arthurholm.com\\\/wp-content\\\/uploads\\\/2026\\\/09\\\/Projects_DynamicTablift_Bosch1.jpeg\",\"datePublished\":\"2026-09-02T09:08:30+00:00\",\"dateModified\":\"2026-09-02T13:27:08+00:00\",\"description\":\"Tecnolog\u00eda a medida para la sala del consejo, de Arthur Holm, con DynamicTabLift para el Consejo Regional de Dinamarca. %\",\"breadcrumb\":{\"@id\":\"https:\\\/\\\/www.arthurholm.com\\\/es\\\/project\\\/tecnologia-y-artesania-a-medida-para-la-nueva-sala-del-consejo-regional-de-dinamarca\\\/#breadcrumb\"},\"inLanguage\":\"es\",\"potentialAction\":[{\"@type\":\"ReadAction\",\"target\":[\"https:\\\/\\\/www.arthurholm.com\\\/es\\\/project\\\/tecnologia-y-artesania-a-medida-para-la-nueva-sala-del-consejo-regional-de-dinamarca\\\/\"]}]},{\"@type\":\"ImageObject\",\"inLanguage\":\"es\",\"@id\":\"https:\\\/\\\/www.arthurholm.com\\\/es\\\/project\\\/tecnologia-y-artesania-a-medida-para-la-nueva-sala-del-consejo-regional-de-dinamarca\\\/#primaryimage\",\"url\":\"https:\\\/\\\/www.arthurholm.com\\\/wp-content\\\/uploads\\\/2026\\\/09\\\/Projects_DynamicTablift_Bosch1.jpeg\",\"contentUrl\":\"https:\\\/\\\/www.arthurholm.com\\\/wp-content\\\/uploads\\\/2026\\\/09\\\/Projects_DynamicTablift_Bosch1.jpeg\",\"width\":1200,\"height\":627},{\"@type\":\"BreadcrumbList\",\"@id\":\"https:\\\/\\\/www.arthurholm.com\\\/es\\\/project\\\/tecnologia-y-artesania-a-medida-para-la-nueva-sala-del-consejo-regional-de-dinamarca\\\/#breadcrumb\",\"itemListElement\":[{\"@type\":\"ListItem\",\"position\":1,\"name\":\"Home\",\"item\":\"https:\\\/\\\/www.arthurholm.com\\\/es\\\/\"},{\"@type\":\"ListItem\",\"position\":2,\"name\":\"Tecnolog\u00eda y artesan\u00eda a medida para la nueva sala del Consejo Regional de Dinamarca\"}]},{\"@type\":\"WebSite\",\"@id\":\"https:\\\/\\\/www.arthurholm.com\\\/es\\\/#website\",\"url\":\"https:\\\/\\\/www.arthurholm.com\\\/es\\\/\",\"name\":\"Arthur Holm\",\"description\":\"Soluciones AV invisibles para salas de reuniones\",\"publisher\":{\"@id\":\"https:\\\/\\\/www.arthurholm.com\\\/es\\\/#organization\"},\"alternateName\":\"Arthur Holm | Monitores Retractiles Motorizados\",\"potentialAction\":[{\"@type\":\"SearchAction\",\"target\":{\"@type\":\"EntryPoint\",\"urlTemplate\":\"https:\\\/\\\/www.arthurholm.com\\\/es\\\/?s={search_term_string}\"},\"query-input\":{\"@type\":\"PropertyValueSpecification\",\"valueRequired\":true,\"valueName\":\"search_term_string\"}}],\"inLanguage\":\"es\"},{\"@type\":\"Organization\",\"@id\":\"https:\\\/\\\/www.arthurholm.com\\\/es\\\/#organization\",\"name\":\"Arthur Holm\",\"url\":\"https:\\\/\\\/www.arthurholm.com\\\/es\\\/\",\"logo\":{\"@type\":\"ImageObject\",\"inLanguage\":\"es\",\"@id\":\"https:\\\/\\\/www.arthurholm.com\\\/es\\\/#\\\/schema\\\/logo\\\/image\\\/\",\"url\":\"https:\\\/\\\/www.arthurholm.com\\\/wp-content\\\/uploads\\\/2024\\\/11\\\/AH-LOGO.svg\",\"contentUrl\":\"https:\\\/\\\/www.arthurholm.com\\\/wp-content\\\/uploads\\\/2024\\\/11\\\/AH-LOGO.svg\",\"width\":155,\"height\":57,\"caption\":\"Arthur Holm\"},\"image\":{\"@id\":\"https:\\\/\\\/www.arthurholm.com\\\/es\\\/#\\\/schema\\\/logo\\\/image\\\/\"},\"sameAs\":[\"https:\\\/\\\/www.facebook.com\\\/arthurholmscreens\",\"https:\\\/\\\/x.com\\\/ArthurHolm1\",\"https:\\\/\\\/www.instagram.com\\\/arthur_holm\\\/\",\"https:\\\/\\\/www.youtube.com\\\/@arthurholm1\",\"https:\\\/\\\/www.linkedin.com\\\/company\\\/arthur-holm\"]}]}<\/script>\n<!-- \/ Yoast SEO plugin. -->","yoast_head_json":{"title":"Tecnolog\u00eda a medida para salas de plenos | Arthur Holm","description":"Tecnolog\u00eda a medida para la sala del consejo, de Arthur Holm, con DynamicTabLift para el Consejo Regional de Dinamarca. %","robots":{"index":"index","follow":"follow","max-snippet":"max-snippet:-1","max-image-preview":"max-image-preview:large","max-video-preview":"max-video-preview:-1"},"canonical":"https:\/\/www.arthurholm.com\/es\/project\/tecnologia-y-artesania-a-medida-para-la-nueva-sala-del-consejo-regional-de-dinamarca\/","og_locale":"es_ES","og_type":"article","og_title":"Tecnolog\u00eda a medida para salas de plenos | Arthur Holm","og_description":"Tecnolog\u00eda a medida para la sala del consejo, de Arthur Holm, con DynamicTabLift para el Consejo Regional de Dinamarca. %","og_url":"https:\/\/www.arthurholm.com\/es\/project\/tecnologia-y-artesania-a-medida-para-la-nueva-sala-del-consejo-regional-de-dinamarca\/","og_site_name":"arthurholm","article_publisher":"https:\/\/www.facebook.com\/arthurholmscreens","article_modified_time":"2026-09-02T13:27:08+00:00","og_image":[{"width":1200,"height":627,"url":"https:\/\/www.arthurholm.com\/wp-content\/uploads\/2026\/09\/Projects_DynamicTablift_Bosch1.jpeg","type":"image\/jpeg"}],"twitter_card":"summary_large_image","twitter_site":"@ArthurHolm1","twitter_misc":{"Tiempo de lectura":"4 minutos"},"schema":{"@context":"https:\/\/schema.org","@graph":[{"@type":"WebPage","@id":"https:\/\/www.arthurholm.com\/es\/project\/tecnologia-y-artesania-a-medida-para-la-nueva-sala-del-consejo-regional-de-dinamarca\/","url":"https:\/\/www.arthurholm.com\/es\/project\/tecnologia-y-artesania-a-medida-para-la-nueva-sala-del-consejo-regional-de-dinamarca\/","name":"Tecnolog\u00eda a medida para salas de plenos | Arthur Holm","isPartOf":{"@id":"https:\/\/www.arthurholm.com\/es\/#website"},"primaryImageOfPage":{"@id":"https:\/\/www.arthurholm.com\/es\/project\/tecnologia-y-artesania-a-medida-para-la-nueva-sala-del-consejo-regional-de-dinamarca\/#primaryimage"},"image":{"@id":"https:\/\/www.arthurholm.com\/es\/project\/tecnologia-y-artesania-a-medida-para-la-nueva-sala-del-consejo-regional-de-dinamarca\/#primaryimage"},"thumbnailUrl":"https:\/\/www.arthurholm.com\/wp-content\/uploads\/2026\/09\/Projects_DynamicTablift_Bosch1.jpeg","datePublished":"2026-09-02T09:08:30+00:00","dateModified":"2026-09-02T13:27:08+00:00","description":"Tecnolog\u00eda a medida para la sala del consejo, de Arthur Holm, con DynamicTabLift para el Consejo Regional de Dinamarca. %","breadcrumb":{"@id":"https:\/\/www.arthurholm.com\/es\/project\/tecnologia-y-artesania-a-medida-para-la-nueva-sala-del-consejo-regional-de-dinamarca\/#breadcrumb"},"inLanguage":"es","potentialAction":[{"@type":"ReadAction","target":["https:\/\/www.arthurholm.com\/es\/project\/tecnologia-y-artesania-a-medida-para-la-nueva-sala-del-consejo-regional-de-dinamarca\/"]}]},{"@type":"ImageObject","inLanguage":"es","@id":"https:\/\/www.arthurholm.com\/es\/project\/tecnologia-y-artesania-a-medida-para-la-nueva-sala-del-consejo-regional-de-dinamarca\/#primaryimage","url":"https:\/\/www.arthurholm.com\/wp-content\/uploads\/2026\/09\/Projects_DynamicTablift_Bosch1.jpeg","contentUrl":"https:\/\/www.arthurholm.com\/wp-content\/uploads\/2026\/09\/Projects_DynamicTablift_Bosch1.jpeg","width":1200,"height":627},{"@type":"BreadcrumbList","@id":"https:\/\/www.arthurholm.com\/es\/project\/tecnologia-y-artesania-a-medida-para-la-nueva-sala-del-consejo-regional-de-dinamarca\/#breadcrumb","itemListElement":[{"@type":"ListItem","position":1,"name":"Home","item":"https:\/\/www.arthurholm.com\/es\/"},{"@type":"ListItem","position":2,"name":"Tecnolog\u00eda y artesan\u00eda a medida para la nueva sala del Consejo Regional de Dinamarca"}]},{"@type":"WebSite","@id":"https:\/\/www.arthurholm.com\/es\/#website","url":"https:\/\/www.arthurholm.com\/es\/","name":"Arthur Holm","description":"Soluciones AV invisibles para salas de reuniones","publisher":{"@id":"https:\/\/www.arthurholm.com\/es\/#organization"},"alternateName":"Arthur Holm | Monitores Retractiles Motorizados","potentialAction":[{"@type":"SearchAction","target":{"@type":"EntryPoint","urlTemplate":"https:\/\/www.arthurholm.com\/es\/?s={search_term_string}"},"query-input":{"@type":"PropertyValueSpecification","valueRequired":true,"valueName":"search_term_string"}}],"inLanguage":"es"},{"@type":"Organization","@id":"https:\/\/www.arthurholm.com\/es\/#organization","name":"Arthur Holm","url":"https:\/\/www.arthurholm.com\/es\/","logo":{"@type":"ImageObject","inLanguage":"es","@id":"https:\/\/www.arthurholm.com\/es\/#\/schema\/logo\/image\/","url":"https:\/\/www.arthurholm.com\/wp-content\/uploads\/2024\/11\/AH-LOGO.svg","contentUrl":"https:\/\/www.arthurholm.com\/wp-content\/uploads\/2024\/11\/AH-LOGO.svg","width":155,"height":57,"caption":"Arthur Holm"},"image":{"@id":"https:\/\/www.arthurholm.com\/es\/#\/schema\/logo\/image\/"},"sameAs":["https:\/\/www.facebook.com\/arthurholmscreens","https:\/\/x.com\/ArthurHolm1","https:\/\/www.instagram.com\/arthur_holm\/","https:\/\/www.youtube.com\/@arthurholm1","https:\/\/www.linkedin.com\/company\/arthur-holm"]}]}},"ase":null,"_links":{"self":[{"href":"https:\/\/www.arthurholm.com\/es\/wp-json\/wp\/v2\/project\/48780","targetHints":{"allow":["GET"]}}],"collection":[{"href":"https:\/\/www.arthurholm.com\/es\/wp-json\/wp\/v2\/project"}],"about":[{"href":"https:\/\/www.arthurholm.com\/es\/wp-json\/wp\/v2\/types\/project"}],"wp:featuredmedia":[{"embeddable":true,"href":"https:\/\/www.arthurholm.com\/es\/wp-json\/wp\/v2\/media\/48776"}],"wp:attachment":[{"href":"https:\/\/www.arthurholm.com\/es\/wp-json\/wp\/v2\/media?parent=48780"}],"curies":[{"name":"wp","href":"https:\/\/api.w.org\/{rel}","templated":true}]}}